{"id":206,"date":"2025-03-24T16:34:10","date_gmt":"2025-03-24T16:34:10","guid":{"rendered":"https:\/\/gsalcazaba400.org\/?page_id=206"},"modified":"2025-09-28T09:41:50","modified_gmt":"2025-09-28T09:41:50","slug":"campamento-de-verano-2025","status":"publish","type":"page","link":"https:\/\/gsalcazaba400.org\/index.php\/campamento-de-verano-2025\/","title":{"rendered":"Campamento de Verano 2025"},"content":{"rendered":"\n<figure class=\"wp-block-image size-large\"><img loading=\"lazy\" decoding=\"async\" width=\"1024\" height=\"823\" src=\"https:\/\/gsalcazaba400.org\/wp-content\/uploads\/2025\/03\/cv25-1024x823.jpg\" alt=\"\" class=\"wp-image-208\" srcset=\"https:\/\/gsalcazaba400.org\/wp-content\/uploads\/2025\/03\/cv25-1024x823.jpg 1024w, https:\/\/gsalcazaba400.org\/wp-content\/uploads\/2025\/03\/cv25-300x241.jpg 300w, https:\/\/gsalcazaba400.org\/wp-content\/uploads\/2025\/03\/cv25-768x617.jpg 768w, https:\/\/gsalcazaba400.org\/wp-content\/uploads\/2025\/03\/cv25.jpg 1095w\" sizes=\"auto, (max-width: 1024px) 100vw, 1024px\" \/><\/figure>\n\n\n\n<p><a href=\"https:\/\/gsalcazaba400.org\/index.php\/campamento-de-verano-2025-fototeca\/\">Galer\u00eda de Fotos General<\/a><\/p>\n\n\n\n<figure class=\"wp-block-image size-large\"><img loading=\"lazy\" decoding=\"async\" width=\"768\" height=\"1024\" src=\"https:\/\/gsalcazaba400.org\/wp-content\/uploads\/2025\/07\/photo_2025-07-25_12-53-28-1-768x1024.jpg\" alt=\"\" class=\"wp-image-301\" srcset=\"https:\/\/gsalcazaba400.org\/wp-content\/uploads\/2025\/07\/photo_2025-07-25_12-53-28-1-768x1024.jpg 768w, https:\/\/gsalcazaba400.org\/wp-content\/uploads\/2025\/07\/photo_2025-07-25_12-53-28-1-225x300.jpg 225w, https:\/\/gsalcazaba400.org\/wp-content\/uploads\/2025\/07\/photo_2025-07-25_12-53-28-1.jpg 960w\" sizes=\"auto, (max-width: 768px) 100vw, 768px\" \/><\/figure>\n\n\n\n<p><strong>LUGAR: <\/strong><strong><\/strong><\/p>\n\n\n\n<p>La Vega del Codorno es un peque\u00f1o pueblo de la provincia de Cuenca ubicado en plena Serran\u00eda de Cuenca, muy pr\u00f3ximo al conocido Nacimiento del R\u00edo Cuervo.<\/p>\n\n\n\n<p>El pueblo se encuentra en una situaci\u00f3n estrat\u00e9gica entre los&nbsp;<strong>Parques Naturales de la Serran\u00eda de Cuenca y del Alto Tajo<\/strong>. En sus or\u00edgenes, el pueblo estaba formado por una serie de peque\u00f1os caser\u00edos separados, al estilo de las parroquias gallegas o de los cortijos sure\u00f1os.<\/p>\n\n\n\n<p><a href=\"https:\/\/maps.app.goo.gl\/2P5zNfvmPgixGVp3A\">https:\/\/maps.app.goo.gl\/2P5zNfvmPgixGVp3A<\/a><\/p>\n\n\n\n<p><strong>CAMPAMENTO:<\/strong><strong><\/strong><\/p>\n\n\n\n<figure class=\"wp-block-image size-large\"><img loading=\"lazy\" decoding=\"async\" width=\"1024\" height=\"453\" src=\"https:\/\/gsalcazaba400.org\/wp-content\/uploads\/2025\/07\/KUGAR1-1024x453.png\" alt=\"\" class=\"wp-image-274\" srcset=\"https:\/\/gsalcazaba400.org\/wp-content\/uploads\/2025\/07\/KUGAR1-1024x453.png 1024w, https:\/\/gsalcazaba400.org\/wp-content\/uploads\/2025\/07\/KUGAR1-300x133.png 300w, https:\/\/gsalcazaba400.org\/wp-content\/uploads\/2025\/07\/KUGAR1-768x339.png 768w, https:\/\/gsalcazaba400.org\/wp-content\/uploads\/2025\/07\/KUGAR1.png 1215w\" sizes=\"auto, (max-width: 1024px) 100vw, 1024px\" \/><\/figure>\n\n\n\n<p><a href=\"https:\/\/maps.app.goo.gl\/EygTXqA6CjTndzAb7\">https:\/\/maps.app.goo.gl\/EygTXqA6CjTndzAb7<\/a><\/p>\n\n\n\n<p>LOGO CAMISETAS<\/p>\n\n\n\n<figure class=\"wp-block-image size-large\"><img loading=\"lazy\" decoding=\"async\" width=\"1024\" height=\"1024\" src=\"https:\/\/gsalcazaba400.org\/wp-content\/uploads\/2025\/09\/photo_2025-06-15_12-28-02-2-1024x1024.jpg\" alt=\"\" class=\"wp-image-357\" srcset=\"https:\/\/gsalcazaba400.org\/wp-content\/uploads\/2025\/09\/photo_2025-06-15_12-28-02-2-1024x1024.jpg 1024w, https:\/\/gsalcazaba400.org\/wp-content\/uploads\/2025\/09\/photo_2025-06-15_12-28-02-2-300x300.jpg 300w, https:\/\/gsalcazaba400.org\/wp-content\/uploads\/2025\/09\/photo_2025-06-15_12-28-02-2-150x150.jpg 150w, https:\/\/gsalcazaba400.org\/wp-content\/uploads\/2025\/09\/photo_2025-06-15_12-28-02-2-768x768.jpg 768w, https:\/\/gsalcazaba400.org\/wp-content\/uploads\/2025\/09\/photo_2025-06-15_12-28-02-2.jpg 1280w\" sizes=\"auto, (max-width: 1024px) 100vw, 1024px\" \/><\/figure>\n\n\n\n<figure class=\"wp-block-image size-large\"><img loading=\"lazy\" decoding=\"async\" width=\"1024\" height=\"1024\" src=\"https:\/\/gsalcazaba400.org\/wp-content\/uploads\/2025\/09\/photo_2025-06-15_12-28-02-1024x1024.jpg\" alt=\"\" class=\"wp-image-359\" srcset=\"https:\/\/gsalcazaba400.org\/wp-content\/uploads\/2025\/09\/photo_2025-06-15_12-28-02-1024x1024.jpg 1024w, https:\/\/gsalcazaba400.org\/wp-content\/uploads\/2025\/09\/photo_2025-06-15_12-28-02-300x300.jpg 300w, https:\/\/gsalcazaba400.org\/wp-content\/uploads\/2025\/09\/photo_2025-06-15_12-28-02-150x150.jpg 150w, https:\/\/gsalcazaba400.org\/wp-content\/uploads\/2025\/09\/photo_2025-06-15_12-28-02-768x768.jpg 768w, https:\/\/gsalcazaba400.org\/wp-content\/uploads\/2025\/09\/photo_2025-06-15_12-28-02.jpg 1280w\" sizes=\"auto, (max-width: 1024px) 100vw, 1024px\" \/><\/figure>\n\n\n\n<p><strong>INFORMACI\u00d3N PARA LA SALIDA HAC\u00cdA EL CAMPAMENTO DE VERANO<\/strong><\/p>\n\n\n\n<figure class=\"wp-block-image alignwide size-large\"><img loading=\"lazy\" decoding=\"async\" width=\"1024\" height=\"588\" src=\"https:\/\/gsalcazaba400.org\/wp-content\/uploads\/2025\/07\/SALIUDA1-1024x588.jpg\" alt=\"\" class=\"wp-image-271\" srcset=\"https:\/\/gsalcazaba400.org\/wp-content\/uploads\/2025\/07\/SALIUDA1-1024x588.jpg 1024w, https:\/\/gsalcazaba400.org\/wp-content\/uploads\/2025\/07\/SALIUDA1-300x172.jpg 300w, https:\/\/gsalcazaba400.org\/wp-content\/uploads\/2025\/07\/SALIUDA1-768x441.jpg 768w, https:\/\/gsalcazaba400.org\/wp-content\/uploads\/2025\/07\/SALIUDA1.jpg 1062w\" sizes=\"auto, (max-width: 1024px) 100vw, 1024px\" \/><\/figure>\n\n\n\n<figure class=\"wp-block-image alignwide size-large\"><img loading=\"lazy\" decoding=\"async\" width=\"1024\" height=\"560\" src=\"https:\/\/gsalcazaba400.org\/wp-content\/uploads\/2025\/07\/SALIUDA2-1024x560.jpg\" alt=\"\" class=\"wp-image-272\" srcset=\"https:\/\/gsalcazaba400.org\/wp-content\/uploads\/2025\/07\/SALIUDA2-1024x560.jpg 1024w, https:\/\/gsalcazaba400.org\/wp-content\/uploads\/2025\/07\/SALIUDA2-300x164.jpg 300w, https:\/\/gsalcazaba400.org\/wp-content\/uploads\/2025\/07\/SALIUDA2-768x420.jpg 768w, https:\/\/gsalcazaba400.org\/wp-content\/uploads\/2025\/07\/SALIUDA2.jpg 1268w\" sizes=\"auto, (max-width: 1024px) 100vw, 1024px\" \/><\/figure>\n\n\n\n<p><strong>INFORMACI\u00d3N DE LAS SECCIONES:<\/strong><\/p>\n\n\n\n<p><strong>CASTORES<\/strong><\/p>\n\n\n\n<figure class=\"wp-block-image size-full\"><img loading=\"lazy\" decoding=\"async\" width=\"650\" height=\"827\" src=\"https:\/\/gsalcazaba400.org\/wp-content\/uploads\/2025\/07\/1-Captura.jpg\" alt=\"\" class=\"wp-image-262\" srcset=\"https:\/\/gsalcazaba400.org\/wp-content\/uploads\/2025\/07\/1-Captura.jpg 650w, https:\/\/gsalcazaba400.org\/wp-content\/uploads\/2025\/07\/1-Captura-236x300.jpg 236w\" sizes=\"auto, (max-width: 650px) 100vw, 650px\" \/><\/figure>\n\n\n\n<figure class=\"wp-block-image size-full\"><img loading=\"lazy\" decoding=\"async\" width=\"647\" height=\"877\" src=\"https:\/\/gsalcazaba400.org\/wp-content\/uploads\/2025\/07\/2-Captura.jpg\" alt=\"\" class=\"wp-image-263\" srcset=\"https:\/\/gsalcazaba400.org\/wp-content\/uploads\/2025\/07\/2-Captura.jpg 647w, https:\/\/gsalcazaba400.org\/wp-content\/uploads\/2025\/07\/2-Captura-221x300.jpg 221w\" sizes=\"auto, (max-width: 647px) 100vw, 647px\" \/><\/figure>\n\n\n\n<figure class=\"wp-block-image size-large\"><img loading=\"lazy\" decoding=\"async\" width=\"724\" height=\"1024\" src=\"https:\/\/gsalcazaba400.org\/wp-content\/uploads\/2025\/07\/Imagen-de-WhatsApp-2025-07-13-a-las-22.13.48_a98aee65-724x1024.jpg\" alt=\"\" class=\"wp-image-283\" srcset=\"https:\/\/gsalcazaba400.org\/wp-content\/uploads\/2025\/07\/Imagen-de-WhatsApp-2025-07-13-a-las-22.13.48_a98aee65-724x1024.jpg 724w, https:\/\/gsalcazaba400.org\/wp-content\/uploads\/2025\/07\/Imagen-de-WhatsApp-2025-07-13-a-las-22.13.48_a98aee65-212x300.jpg 212w, https:\/\/gsalcazaba400.org\/wp-content\/uploads\/2025\/07\/Imagen-de-WhatsApp-2025-07-13-a-las-22.13.48_a98aee65-768x1086.jpg 768w, https:\/\/gsalcazaba400.org\/wp-content\/uploads\/2025\/07\/Imagen-de-WhatsApp-2025-07-13-a-las-22.13.48_a98aee65.jpg 905w\" sizes=\"auto, (max-width: 724px) 100vw, 724px\" \/><\/figure>\n\n\n\n<p><strong>&nbsp;SERVICIOS SANITARIOS.<\/strong><strong><\/strong><\/p>\n\n\n\n<p><strong>CENTRO DE SALUD DE VEGA DEL CODORNO<\/strong><strong><\/strong><\/p>\n\n\n\n<p><a href=\"https:\/\/sanidad.castillalamancha.es\/ciudadanos\/centros\/vega-del-codorno#zoom=17&amp;lat=40.43214&amp;lon=-1.92782&amp;layers=BT\">https:\/\/sanidad.castillalamancha.es\/ciudadanos\/centros\/vega-del-codorno#zoom=17&amp;lat=40.43214&amp;lon=-1.92782&amp;layers=BT<\/a><\/p>\n\n\n\n<figure class=\"wp-block-image size-large\"><img loading=\"lazy\" decoding=\"async\" width=\"1024\" height=\"568\" src=\"https:\/\/gsalcazaba400.org\/wp-content\/uploads\/2025\/07\/SANI1-1024x568.png\" alt=\"\" class=\"wp-image-276\" srcset=\"https:\/\/gsalcazaba400.org\/wp-content\/uploads\/2025\/07\/SANI1-1024x568.png 1024w, https:\/\/gsalcazaba400.org\/wp-content\/uploads\/2025\/07\/SANI1-300x166.png 300w, https:\/\/gsalcazaba400.org\/wp-content\/uploads\/2025\/07\/SANI1-768x426.png 768w, https:\/\/gsalcazaba400.org\/wp-content\/uploads\/2025\/07\/SANI1.png 1118w\" sizes=\"auto, (max-width: 1024px) 100vw, 1024px\" \/><\/figure>\n\n\n\n<p><strong>CENTRO DE SALUD TRAGACETE. 24 HORAS<\/strong><\/p>\n\n\n\n<p><a href=\"https:\/\/sanidad.castillalamancha.es\/ciudadanos\/centros\/tragacete#zoom=15&amp;lat=40.3496&amp;lon=-1.85073&amp;layers=BT\">https:\/\/sanidad.castillalamancha.es\/ciudadanos\/centros\/tragacete#zoom=15&amp;lat=40.3496&amp;lon=-1.85073&amp;layers=BT<\/a><\/p>\n\n\n\n<figure class=\"wp-block-image size-large\"><img loading=\"lazy\" decoding=\"async\" width=\"1024\" height=\"716\" src=\"https:\/\/gsalcazaba400.org\/wp-content\/uploads\/2025\/07\/SANI2-1024x716.png\" alt=\"\" class=\"wp-image-277\" srcset=\"https:\/\/gsalcazaba400.org\/wp-content\/uploads\/2025\/07\/SANI2-1024x716.png 1024w, https:\/\/gsalcazaba400.org\/wp-content\/uploads\/2025\/07\/SANI2-300x210.png 300w, https:\/\/gsalcazaba400.org\/wp-content\/uploads\/2025\/07\/SANI2-768x537.png 768w, https:\/\/gsalcazaba400.org\/wp-content\/uploads\/2025\/07\/SANI2.png 1132w\" sizes=\"auto, (max-width: 1024px) 100vw, 1024px\" \/><\/figure>\n\n\n\n<p><strong>HOSPITAL VIRGEN DE LA LUZ<\/strong><\/p>\n\n\n\n<p><a href=\"https:\/\/sanidad.castillalamancha.es\/ciudadanos\/centros\/hospital-virgen-de-la-luz-cuenca#zoom=15&amp;lat=40.0755&amp;lon=-2.14908&amp;layers=BT\">https:\/\/sanidad.castillalamancha.es\/ciudadanos\/centros\/hospital-virgen-de-la-luz-cuenca#zoom=15&amp;lat=40.0755&amp;lon=-2.14908&amp;layers=BT<\/a><\/p>\n\n\n\n<figure class=\"wp-block-image size-large\"><img loading=\"lazy\" decoding=\"async\" width=\"1024\" height=\"775\" src=\"https:\/\/gsalcazaba400.org\/wp-content\/uploads\/2025\/07\/SANI3-1024x775.png\" alt=\"\" class=\"wp-image-278\" srcset=\"https:\/\/gsalcazaba400.org\/wp-content\/uploads\/2025\/07\/SANI3-1024x775.png 1024w, https:\/\/gsalcazaba400.org\/wp-content\/uploads\/2025\/07\/SANI3-300x227.png 300w, https:\/\/gsalcazaba400.org\/wp-content\/uploads\/2025\/07\/SANI3-768x581.png 768w, https:\/\/gsalcazaba400.org\/wp-content\/uploads\/2025\/07\/SANI3.png 1124w\" sizes=\"auto, (max-width: 1024px) 100vw, 1024px\" \/><\/figure>\n\n\n\n<p><\/p>\n\n\n\n<p><\/p>\n\n\n\n<p><strong>CRONOGRAMA<\/strong><\/p>\n\n\n\n<p><strong>(*) Este cronograma puede sufrir modificaciones en funci\u00f3n del planning de las secciones educativas)<\/strong><\/p>\n\n\n\n<figure class=\"wp-block-image alignwide size-large\"><img loading=\"lazy\" decoding=\"async\" width=\"1024\" height=\"570\" src=\"https:\/\/gsalcazaba400.org\/wp-content\/uploads\/2025\/07\/cronograma-1024x570.jpg\" alt=\"\" class=\"wp-image-281\" srcset=\"https:\/\/gsalcazaba400.org\/wp-content\/uploads\/2025\/07\/cronograma-1024x570.jpg 1024w, https:\/\/gsalcazaba400.org\/wp-content\/uploads\/2025\/07\/cronograma-300x167.jpg 300w, https:\/\/gsalcazaba400.org\/wp-content\/uploads\/2025\/07\/cronograma-768x427.jpg 768w, https:\/\/gsalcazaba400.org\/wp-content\/uploads\/2025\/07\/cronograma.jpg 1154w\" sizes=\"auto, (max-width: 1024px) 100vw, 1024px\" \/><\/figure>\n\n\n\n<p><strong>MEN\u00da DE CAMPAMENTO.<\/strong><\/p>\n\n\n\n<p><strong>(*) AVISO: Est\u00e9 men\u00fa puede variar en funci\u00f3n de las necesidades del campamento pero sin perder la calidad de la dieta diaria.<\/strong><\/p>\n\n\n\n<figure class=\"wp-block-image alignwide size-large\"><img loading=\"lazy\" decoding=\"async\" width=\"1024\" height=\"540\" src=\"https:\/\/gsalcazaba400.org\/wp-content\/uploads\/2025\/07\/MENU1-1024x540.jpg\" alt=\"\" class=\"wp-image-265\" srcset=\"https:\/\/gsalcazaba400.org\/wp-content\/uploads\/2025\/07\/MENU1-1024x540.jpg 1024w, https:\/\/gsalcazaba400.org\/wp-content\/uploads\/2025\/07\/MENU1-300x158.jpg 300w, https:\/\/gsalcazaba400.org\/wp-content\/uploads\/2025\/07\/MENU1-768x405.jpg 768w, https:\/\/gsalcazaba400.org\/wp-content\/uploads\/2025\/07\/MENU1.jpg 1351w\" sizes=\"auto, (max-width: 1024px) 100vw, 1024px\" \/><\/figure>\n\n\n\n<figure class=\"wp-block-image alignwide size-large\"><img loading=\"lazy\" decoding=\"async\" width=\"1024\" height=\"653\" src=\"https:\/\/gsalcazaba400.org\/wp-content\/uploads\/2025\/07\/MENU2-1024x653.jpg\" alt=\"\" class=\"wp-image-266\" srcset=\"https:\/\/gsalcazaba400.org\/wp-content\/uploads\/2025\/07\/MENU2-1024x653.jpg 1024w, https:\/\/gsalcazaba400.org\/wp-content\/uploads\/2025\/07\/MENU2-300x191.jpg 300w, https:\/\/gsalcazaba400.org\/wp-content\/uploads\/2025\/07\/MENU2-768x490.jpg 768w, https:\/\/gsalcazaba400.org\/wp-content\/uploads\/2025\/07\/MENU2.jpg 1341w\" sizes=\"auto, (max-width: 1024px) 100vw, 1024px\" \/><\/figure>\n\n\n\n<figure class=\"wp-block-image alignwide size-large\"><img loading=\"lazy\" decoding=\"async\" width=\"1024\" height=\"614\" src=\"https:\/\/gsalcazaba400.org\/wp-content\/uploads\/2025\/07\/MENU3-1024x614.jpg\" alt=\"\" class=\"wp-image-267\" srcset=\"https:\/\/gsalcazaba400.org\/wp-content\/uploads\/2025\/07\/MENU3-1024x614.jpg 1024w, https:\/\/gsalcazaba400.org\/wp-content\/uploads\/2025\/07\/MENU3-300x180.jpg 300w, https:\/\/gsalcazaba400.org\/wp-content\/uploads\/2025\/07\/MENU3-768x461.jpg 768w, https:\/\/gsalcazaba400.org\/wp-content\/uploads\/2025\/07\/MENU3.jpg 1360w\" sizes=\"auto, (max-width: 1024px) 100vw, 1024px\" \/><\/figure>\n\n\n\n<figure class=\"wp-block-image alignwide size-large\"><img loading=\"lazy\" decoding=\"async\" width=\"1024\" height=\"359\" src=\"https:\/\/gsalcazaba400.org\/wp-content\/uploads\/2025\/07\/MENU4-1024x359.jpg\" alt=\"\" class=\"wp-image-268\" srcset=\"https:\/\/gsalcazaba400.org\/wp-content\/uploads\/2025\/07\/MENU4-1024x359.jpg 1024w, https:\/\/gsalcazaba400.org\/wp-content\/uploads\/2025\/07\/MENU4-300x105.jpg 300w, https:\/\/gsalcazaba400.org\/wp-content\/uploads\/2025\/07\/MENU4-768x269.jpg 768w, https:\/\/gsalcazaba400.org\/wp-content\/uploads\/2025\/07\/MENU4.jpg 1348w\" sizes=\"auto, (max-width: 1024px) 100vw, 1024px\" \/><\/figure>\n\n\n\n<p><\/p>\n","protected":false},"excerpt":{"rendered":"<p>Galer\u00eda de Fotos General LUGAR: La Vega del Codorno es un peque\u00f1o pueblo de la provincia de Cuenca ubicado en plena Serran\u00eda de Cuenca, muy pr\u00f3ximo al conocido Nacimiento del R\u00edo Cuervo. El pueblo se encuentra en una situaci\u00f3n estrat\u00e9gica entre los&nbsp;Parques Naturales de la Serran\u00eda de Cuenca y del Alto Tajo. En sus or\u00edgenes, [&hellip;]<\/p>\n","protected":false},"author":1,"featured_media":0,"parent":0,"menu_order":0,"comment_status":"closed","ping_status":"closed","template":"","meta":{"footnotes":""},"class_list":["post-206","page","type-page","status-publish","hentry"],"_links":{"self":[{"href":"https:\/\/gsalcazaba400.org\/index.php\/wp-json\/wp\/v2\/pages\/206","targetHints":{"allow":["GET"]}}],"collection":[{"href":"https:\/\/gsalcazaba400.org\/index.php\/wp-json\/wp\/v2\/pages"}],"about":[{"href":"https:\/\/gsalcazaba400.org\/index.php\/wp-json\/wp\/v2\/types\/page"}],"author":[{"embeddable":true,"href":"https:\/\/gsalcazaba400.org\/index.php\/wp-json\/wp\/v2\/users\/1"}],"replies":[{"embeddable":true,"href":"https:\/\/gsalcazaba400.org\/index.php\/wp-json\/wp\/v2\/comments?post=206"}],"version-history":[{"count":14,"href":"https:\/\/gsalcazaba400.org\/index.php\/wp-json\/wp\/v2\/pages\/206\/revisions"}],"predecessor-version":[{"id":360,"href":"https:\/\/gsalcazaba400.org\/index.php\/wp-json\/wp\/v2\/pages\/206\/revisions\/360"}],"wp:attachment":[{"href":"https:\/\/gsalcazaba400.org\/index.php\/wp-json\/wp\/v2\/media?parent=206"}],"curies":[{"name":"wp","href":"https:\/\/api.w.org\/{rel}","templated":true}]}}