{"id":100,"date":"2024-06-25T08:42:47","date_gmt":"2024-06-25T08:42:47","guid":{"rendered":"https:\/\/gsalcazaba400.org\/?page_id=100"},"modified":"2024-06-25T09:20:49","modified_gmt":"2024-06-25T09:20:49","slug":"historia","status":"publish","type":"page","link":"https:\/\/gsalcazaba400.org\/index.php\/historia\/","title":{"rendered":"Historia"},"content":{"rendered":"\n<p>1982 a 2000<\/p>\n\n\n\n<p>El Grupo se fund\u00f3 el 3 de Marzo de 1982, siendo el Jefe fundador Jos\u00e9 Mar\u00eda Orozco Gonz\u00e1lez, de t\u00f3tem \u201cChacal de la pradera\u201d. Comenz\u00f3 como miembro de la Federaci\u00f3n F.S.E. (Federaci\u00f3n de Scouts de Europa) llam\u00e1ndose Grupo Santa Mar\u00eda Goretti. Fue el 4\u00ba Grupo fundado en M\u00e1laga en esta Federaci\u00f3n. Los colores eran borde azul sobre fondo amarillo. En este a\u00f1o, 1982, el Grupo realiz\u00f3 las siguientes actividades: Asisti\u00f3 al festival de la canci\u00f3n Scout celebrado en C\u00e1diz, se realiz\u00f3 el campamento en \u201cla llana\u201d (Jimena de Libar) siendo este de dos d\u00edas de duraci\u00f3n.<\/p>\n\n\n\n<p>El a\u00f1o 1983 el campamento se llev\u00f3 a cabo en Tolox junto con los Grupos de Ronda, Toledo y Sevilla. Hecho a destacar es la realizaci\u00f3n de las primeras promesas scouts del grupo en este campamento.<\/p>\n\n\n\n<p>En septiembre toma el cargo de Jefe de Grupo Luis Rogelio Molina Plana, Dr. B\u00faho.<\/p>\n\n\n\n<p>En 1984, desarroll\u00e1ndose el campamento nacional Hispcamp 84 en la \u201cvega del tornillo\u201d (Faraj\u00e1n). Tambi\u00e9n este a\u00f1o, asisti\u00f3 una representaci\u00f3n del Grupo, la Compa\u00f1\u00eda, al Eurojam 84, en Potiers (Francia). Hacer constar que en aquella \u00e9poca en el grupo no se practicaba la coeducaci\u00f3n y la Compa\u00f1\u00eda equivale a la actual secci\u00f3n scout pero solo para chicas.<\/p>\n\n\n\n<p>En 1985 el Grupo cambia de Asociaci\u00f3n, de nombre y de colores. La nueva Asociaci\u00f3n es la A.S.A. (Asociaci\u00f3n Scout Andaluza), El grupo para a llamarse \u201cAlcazaba\u201d &nbsp;sus nuevos colores son borde morado sobre fondo verde, siendo el lema del Grupo \u201cSalam Alicun\u201d. EL campamento de este a\u00f1o es en \u201cla llana\u201d (Jimera de L\u00edbar).<\/p>\n\n\n\n<p>Asistimos a la cabalgata de reyes de 1986. El campamento de este a\u00f1o tuvo lugar en la \u201cla llana\u201d (Jimera de L\u00edbar).<\/p>\n\n\n\n<p>A\u00f1o 1995. Asistimos al festival de la canci\u00f3n, previa clasificaci\u00f3n en el festival de la Delegaci\u00f3n de M\u00e1laga, y obtuvimos el premio a la mejor letra. El campamento de verano se volvi\u00f3 a celebrar en la fina \u201cEl Tejarejo (Benahavis)\u00bb con el nombre de \u201cPhilia\u201d.<\/p>\n\n\n\n<figure class=\"wp-block-image size-full\"><img loading=\"lazy\" decoding=\"async\" width=\"768\" height=\"526\" src=\"https:\/\/gsalcazaba400.org\/wp-content\/uploads\/2024\/06\/435809239_213808.jpg\" alt=\"\" class=\"wp-image-115\" srcset=\"https:\/\/gsalcazaba400.org\/wp-content\/uploads\/2024\/06\/435809239_213808.jpg 768w, https:\/\/gsalcazaba400.org\/wp-content\/uploads\/2024\/06\/435809239_213808-300x205.jpg 300w\" sizes=\"auto, (max-width: 768px) 100vw, 768px\" \/><\/figure>\n\n\n\n<p>Entre el a\u00f1o 1995 y 1996 el Grupo Scout cambia de asociaci\u00f3n y entra a formar parte de ASDE-Scouts de Espa\u00f1a y ASDE-Scouts de Andaluc\u00eda.<\/p>\n\n\n\n<p>A\u00f1o 1996 el campamento de verano se celebr\u00f3 en Tudela del Duero (Valladolid).<\/p>\n\n\n\n<p>A\u00f1o 1997 se celebra el campamento de verano en la finca \u201cEl Quejigal\u201d de Montejaque (M\u00e1laga).<\/p>\n\n\n\n<p>A\u00f1o 1998, asistimos al Festival de la canci\u00f3n de M\u00e1laga y al Festival de canci\u00f3n de Andaluc\u00eda celebrado en Huelva con la canci\u00f3n \u201cUna sonrisa por final\u201d. El campamento de verano se realiz\u00f3 en J\u00fazcar (M\u00e1laga), llamado \u201cNoah Sealth\u201d.<\/p>\n\n\n\n<p>A\u00f1o 1999, asistimos al Festival de la canci\u00f3n de M\u00e1laga con la canci\u00f3n \u201cGrita\u201d y al campamento de verana en &nbsp;Faraj\u00e1n (M\u00e1laga) comparti\u00e9ndolo &nbsp;con el Grupo 531\u201dEstrella de la Ruta\u201d de C\u00e1diz.<\/p>\n\n\n\n<p>En el a\u00f1o 2000 asistimos al Festival de la canci\u00f3n de M\u00e1laga con la canci\u00f3n \u201cCamino a tu lado\u201d y el campamento de verano se celebr\u00f3 en Algamitas (Sevilla) comparti\u00e9ndolo con el Grupo 531 \u201cEstrella de la Ruta\u201d de C\u00e1diz.<\/p>\n\n\n\n<p><\/p>\n","protected":false},"excerpt":{"rendered":"<p>1982 a 2000 El Grupo se fund\u00f3 el 3 de Marzo de 1982, siendo el Jefe fundador Jos\u00e9 Mar\u00eda Orozco Gonz\u00e1lez, de t\u00f3tem \u201cChacal de la pradera\u201d. Comenz\u00f3 como miembro de la Federaci\u00f3n F.S.E. (Federaci\u00f3n de Scouts de Europa) llam\u00e1ndose Grupo Santa Mar\u00eda Goretti. Fue el 4\u00ba Grupo fundado en M\u00e1laga en esta Federaci\u00f3n. Los [&hellip;]<\/p>\n","protected":false},"author":1,"featured_media":0,"parent":0,"menu_order":0,"comment_status":"closed","ping_status":"closed","template":"","meta":{"footnotes":""},"class_list":["post-100","page","type-page","status-publish","hentry"],"_links":{"self":[{"href":"https:\/\/gsalcazaba400.org\/index.php\/wp-json\/wp\/v2\/pages\/100","targetHints":{"allow":["GET"]}}],"collection":[{"href":"https:\/\/gsalcazaba400.org\/index.php\/wp-json\/wp\/v2\/pages"}],"about":[{"href":"https:\/\/gsalcazaba400.org\/index.php\/wp-json\/wp\/v2\/types\/page"}],"author":[{"embeddable":true,"href":"https:\/\/gsalcazaba400.org\/index.php\/wp-json\/wp\/v2\/users\/1"}],"replies":[{"embeddable":true,"href":"https:\/\/gsalcazaba400.org\/index.php\/wp-json\/wp\/v2\/comments?post=100"}],"version-history":[{"count":4,"href":"https:\/\/gsalcazaba400.org\/index.php\/wp-json\/wp\/v2\/pages\/100\/revisions"}],"predecessor-version":[{"id":116,"href":"https:\/\/gsalcazaba400.org\/index.php\/wp-json\/wp\/v2\/pages\/100\/revisions\/116"}],"wp:attachment":[{"href":"https:\/\/gsalcazaba400.org\/index.php\/wp-json\/wp\/v2\/media?parent=100"}],"curies":[{"name":"wp","href":"https:\/\/api.w.org\/{rel}","templated":true}]}}